{"id":6934,"date":"2026-08-31T15:56:58","date_gmt":"2026-08-31T13:56:58","guid":{"rendered":"https:\/\/wochefuerdeutsch.be\/?post_type=tribe_events&#038;p=6934"},"modified":"2026-08-31T16:06:35","modified_gmt":"2026-08-31T14:06:35","slug":"filmabend-zweitland","status":"publish","type":"tribe_events","link":"https:\/\/wochefuerdeutsch.be\/de\/veranstaltung\/filmabend-zweitland\/","title":{"rendered":"Filmabend \u201eZweitland\u201c"},"content":{"rendered":"<p><i><span style=\"font-weight: 400;\">S\u00fcdtirol, 1961. Die norditalienische Region wird durch eine Serie von Bombenanschl\u00e4gen der\u00a0 Separatisten ersch\u00fcttert. W\u00e4hrend der junge Bauernsohn Paul der Perspektivlosigkeit\u00a0 seines Dorfes entkommen und Malerei studieren will, k\u00e4mpft sein Bruder Anton\u00a0 kompromisslos f\u00fcr den Schutz der deutschsprachigen Minderheit \u2013 notfalls mit Gewalt.\u00a0 Nachdem Anton als einer der Attent\u00e4ter enttarnt wird, flieht er und l\u00e4sst Hof und Familie\u00a0 zur\u00fcck. Widerwillig verschiebt Paul seine eigenen Pl\u00e4ne, um Antons Frau Anna und ihren\u00a0 kleinen Sohn zu unterst\u00fctzen. W\u00e4hrend die Lage eskaliert und die italienische Polizei hart\u00a0 durchgreift, beginnt Anna sich zunehmend gegen die patriarchalen Strukturen ihres\u00a0 Umfelds zu wehren. Paul hingegen muss sich entscheiden \u2013 zwischen famili\u00e4rer Loyalit\u00e4t\u00a0 und pers\u00f6nlicher Selbstverwirklichung.\u00a0<\/span><\/i><\/p>\n<p><i><span style=\"font-weight: 400;\">In seinem Kinodeb\u00fct beleuchtet Regisseur Michael Kofler packend und eindringlich die\u00a0 Ereignisse rund um die \u201eFeuernacht\u201c in S\u00fcdtirol. Thomas Prenn (\u201eHochwald\u201c) und Laurence\u00a0 Rupp (\u201eVeni Vidi Vici\u201c) \u00fcberzeugen als gegens\u00e4tzliches Bruderpaar an der Seite von Aenne\u00a0 Schwarz (\u201eLeibniz \u2013 Chronik eines verschollenen Bildes\u201c) als moderne Vordenkerin.\u00a0<\/span><\/i><\/p>\n<p><span style=\"font-weight: 400;\">Mit gro\u00dfer Freude er\u00f6ffnen wir die neue Deutschcaf\u00e9-Filmreihe, mit der wir mit je einem\u00a0 deutschsprachigen Kinoabend pro Semester die gemeinsame Begegnung untereinander\u00a0 und mit der deutschsprachigen Kultur erm\u00f6glichen wollen.\u00a0<\/span><\/p>\n<p><span style=\"font-weight: 400;\">Den Anfang macht im Rahmen der diesj\u00e4hrigen Woche f\u00fcr Deutsch der\u00a0 Film \u201eZweitland\u201c (2025) von Michael Kofler. Vor dem Film geben Doktorandinnen\u00a0 Leonore Nassen und die S\u00fcdtirolerin Lorenza Vandeweyer eine kurze Einf\u00fchrung ins\u00a0 Thema und im Anschluss besteht im <\/span><span style=\"font-weight: 400;\">Agora Caffee <\/span><span style=\"font-weight: 400;\">an der Universit\u00e4t\u00a0 Antwerpen Gelegenheit zur entspannten Nachbesprechung und Diskussionen. <\/span><b>Der Eintritt ist frei, jedoch bitten wir um Anmeldung \u00fcber den untenstehenden\u00a0 Anmeldeknopf. <\/b><span style=\"font-weight: 400;\">\ud83e\udc6a <\/span><a href=\"https:\/\/forms.cloud.microsoft\/pages\/responsepage.aspx?id=-wgueVQtjkqvciAlSBNu9o04KzpXn6lImrF5XIwcl41URDVFM0ZTTE1BS05DVUlBSzdLWDJHRk80VS4u&amp;route=shorturl\"><b>ZUR ANMELDUNG\u00a0<\/b><\/a><\/p>\n<p><span style=\"font-weight: 400;\">Wir freuen uns auf euer Kommen!\u00a0<\/span><\/p>\n","protected":false},"excerpt":{"rendered":"S\u00fcdtirol, 1961. Die norditalienische Region wird durch eine Serie von Bombenanschl\u00e4gen der\u00a0 Separatisten ersch\u00fcttert. W\u00e4hrend der junge Bauernsohn Paul der Perspektivlosigkeit\u00a0 seines Dorfes entkommen und Malerei studieren will, k\u00e4mpft sein [&hellip;]","protected":false},"author":3,"featured_media":6945,"template":"","meta":{"_acf_changed":false,"inline_featured_image":false,"_tribe_events_status":"","_tribe_events_status_reason":"","footnotes":""},"tags":[],"tribe_events_cat":[136],"class_list":["post-6934","tribe_events","type-tribe_events","status-publish","has-post-thumbnail","hentry","tribe_events_cat-fuer-alle-2","cat_fuer-alle-2"],"acf":[],"_links":{"self":[{"href":"https:\/\/wochefuerdeutsch.be\/de\/wp-json\/wp\/v2\/tribe_events\/6934","targetHints":{"allow":["GET"]}}],"collection":[{"href":"https:\/\/wochefuerdeutsch.be\/de\/wp-json\/wp\/v2\/tribe_events"}],"about":[{"href":"https:\/\/wochefuerdeutsch.be\/de\/wp-json\/wp\/v2\/types\/tribe_events"}],"author":[{"embeddable":true,"href":"https:\/\/wochefuerdeutsch.be\/de\/wp-json\/wp\/v2\/users\/3"}],"version-history":[{"count":1,"href":"https:\/\/wochefuerdeutsch.be\/de\/wp-json\/wp\/v2\/tribe_events\/6934\/revisions"}],"predecessor-version":[{"id":6936,"href":"https:\/\/wochefuerdeutsch.be\/de\/wp-json\/wp\/v2\/tribe_events\/6934\/revisions\/6936"}],"wp:featuredmedia":[{"embeddable":true,"href":"https:\/\/wochefuerdeutsch.be\/de\/wp-json\/wp\/v2\/media\/6945"}],"wp:attachment":[{"href":"https:\/\/wochefuerdeutsch.be\/de\/wp-json\/wp\/v2\/media?parent=6934"}],"wp:term":[{"taxonomy":"post_tag","embeddable":true,"href":"https:\/\/wochefuerdeutsch.be\/de\/wp-json\/wp\/v2\/tags?post=6934"},{"taxonomy":"tribe_events_cat","embeddable":true,"href":"https:\/\/wochefuerdeutsch.be\/de\/wp-json\/wp\/v2\/tribe_events_cat?post=6934"}],"curies":[{"name":"wp","href":"https:\/\/api.w.org\/{rel}","templated":true}]}}