{"id":7059,"date":"2026-09-05T09:45:30","date_gmt":"2026-09-05T07:45:30","guid":{"rendered":"https:\/\/wochefuerdeutsch.be\/?post_type=tribe_events&#038;p=7059"},"modified":"2026-09-05T09:53:04","modified_gmt":"2026-09-05T07:53:04","slug":"barbara-ein-film-von-christian-petzold-2012","status":"publish","type":"tribe_events","link":"https:\/\/wochefuerdeutsch.be\/de\/veranstaltung\/barbara-ein-film-von-christian-petzold-2012\/","title":{"rendered":"Barbara (ein Film von Christian Petzold, 2012)"},"content":{"rendered":"<p>Wie lebte es sich in einem Staat, den es heute gar nicht mehr gibt? Wie sah der Alltag in einem System aus, das von einer Mauer, Z\u00e4unen, Spionen und Misstrauen gepr\u00e4gt war? Wenn Sie das Leben in der ehemaligen DDR nicht nur aus Geschichtsb\u00fcchern, sondern hautnah erleben und emotional verstehen wollen, d\u00fcrfen Sie das packende, vielfach preisgekr\u00f6nte Drama \u201eBarbara\u201c (2012) von Christian Petzold nicht verpassen.<\/p>\n<p>Im Rahmen der Woche f\u00fcr Deutsch 2026 laden wir Sie herzlich ein, diesen meisterhaft komponierten, spannenden und visuell \u00fcberw\u00e4ltigenden Film zu entdecken. Er erz\u00e4hlt die Geschichte einer Ostberliner \u00c4rztin, die nach einem Ausreiseantrag an die Ostsee strafversetzt wird. Durch den klaren Fokus auf das individuelle Leben anstelle des blo\u00dfen Staatsapparats zeichnet der Film ein Portr\u00e4t voller W\u00e4rme, das direkt ins Herz trifft und durch ein offenes Ende viel Raum f\u00fcr Spekulationen l\u00e4sst.<\/p>\n<p>Den Auftakt der Vorf\u00fchrung bilden Kurzpr\u00e4sentationen unserer Germanistik-Studierenden, die einen Einblick in den historischen DDR-Alltag gew\u00e4hren. Im Mittelpunkt steht dabei die Frage, wie administrative und politische Grenzen ganz spezifische Lebenswelten und emotionale R\u00e4ume pr\u00e4gen. Damit kn\u00fcpft der Abend nahtlos an das Thema \u201eWelten gestalten\u201c an, den diesj\u00e4hrigen roten Faden des D\u00e9partement de langues et litt\u00e9ratures germaniques. Im Anschluss an den Film bietet der Empfang reichlich Gelegenheit, diesen roten Faden weiter zu vertiefen.<\/p>\n<p>Wir freuen uns jetzt schon auf Ihre Teilnahme!<\/p>\n<p>Anmeldung: per E-Mail an: <a href=\"mailto:guillaume.etienne@unamur.be\">guillaume.etienne@unamur.be<\/a><\/p>\n","protected":false},"excerpt":{"rendered":"Wie lebte es sich in einem Staat, den es heute gar nicht mehr gibt? Wie sah der Alltag in einem System aus, das von einer Mauer, Z\u00e4unen, Spionen und Misstrauen [&hellip;]","protected":false},"author":3,"featured_media":7060,"template":"","meta":{"_acf_changed":false,"inline_featured_image":false,"_tribe_events_status":"","_tribe_events_status_reason":"","footnotes":""},"tags":[],"tribe_events_cat":[136],"class_list":["post-7059","tribe_events","type-tribe_events","status-publish","has-post-thumbnail","hentry","tribe_events_cat-fuer-alle-2","cat_fuer-alle-2"],"acf":[],"_links":{"self":[{"href":"https:\/\/wochefuerdeutsch.be\/de\/wp-json\/wp\/v2\/tribe_events\/7059","targetHints":{"allow":["GET"]}}],"collection":[{"href":"https:\/\/wochefuerdeutsch.be\/de\/wp-json\/wp\/v2\/tribe_events"}],"about":[{"href":"https:\/\/wochefuerdeutsch.be\/de\/wp-json\/wp\/v2\/types\/tribe_events"}],"author":[{"embeddable":true,"href":"https:\/\/wochefuerdeutsch.be\/de\/wp-json\/wp\/v2\/users\/3"}],"version-history":[{"count":2,"href":"https:\/\/wochefuerdeutsch.be\/de\/wp-json\/wp\/v2\/tribe_events\/7059\/revisions"}],"predecessor-version":[{"id":7076,"href":"https:\/\/wochefuerdeutsch.be\/de\/wp-json\/wp\/v2\/tribe_events\/7059\/revisions\/7076"}],"wp:featuredmedia":[{"embeddable":true,"href":"https:\/\/wochefuerdeutsch.be\/de\/wp-json\/wp\/v2\/media\/7060"}],"wp:attachment":[{"href":"https:\/\/wochefuerdeutsch.be\/de\/wp-json\/wp\/v2\/media?parent=7059"}],"wp:term":[{"taxonomy":"post_tag","embeddable":true,"href":"https:\/\/wochefuerdeutsch.be\/de\/wp-json\/wp\/v2\/tags?post=7059"},{"taxonomy":"tribe_events_cat","embeddable":true,"href":"https:\/\/wochefuerdeutsch.be\/de\/wp-json\/wp\/v2\/tribe_events_cat?post=7059"}],"curies":[{"name":"wp","href":"https:\/\/api.w.org\/{rel}","templated":true}]}}