{"id":7064,"date":"2026-09-05T09:48:15","date_gmt":"2026-09-05T07:48:15","guid":{"rendered":"https:\/\/wochefuerdeutsch.be\/?post_type=tribe_events&#038;p=7064"},"modified":"2026-09-05T09:52:49","modified_gmt":"2026-09-05T07:52:49","slug":"barbara-un-film-de-christian-petzold-2012","status":"publish","type":"tribe_events","link":"https:\/\/wochefuerdeutsch.be\/fr\/event\/barbara-un-film-de-christian-petzold-2012\/","title":{"rendered":"Barbara (un film de Christian Petzold, 2012)"},"content":{"rendered":"<p>Comment vivait-on dans un \u00c9tat qui n\u2019existe plus aujourd&rsquo;hui ? \u00c0 quoi ressemblait le quotidien au sein d&rsquo;un r\u00e9gime marqu\u00e9 par un mur, des rideaux de fer, l\u2019espionnage et la m\u00e9fiance ? Si vous souhaitez comprendre la vie en ex-RDA au-del\u00e0 des manuels d\u2019histoire, \u00e0 travers une exp\u00e9rience humaine et profond\u00e9ment \u00e9mouvante, ne manquez pas \u00ab Barbara \u00bb (2012), le drame captivant et maintes fois prim\u00e9 de Christian Petzold.<\/p>\n<p>Dans le cadre de la Semaine de l\u2019allemand 2026, nous vous invitons chaleureusement \u00e0 d\u00e9couvrir ce chef-d\u2019\u0153uvre de mise en sc\u00e8ne, poignant et visuellement saisissant. Le film retrace le parcours d\u2019une m\u00e9decin de Berlin-Est, mut\u00e9e au bord de la mer Baltique \u00e0 titre de sanction pour avoir d\u00e9pos\u00e9 une demande de visa pour l\u2019Ouest. En se concentrant sur les trajectoires individuelles plut\u00f4t que sur l\u2019appareil \u00e9tatique, le r\u00e9alisateur livre un portrait d\u2019une grande sensibilit\u00e9, tout en laissant, gr\u00e2ce \u00e0 sa fin ouverte, une large place au d\u00e9bat.<\/p>\n<p>En guise d\u2019introduction, nos \u00e9tudiants en langues et lettres germaniques proposeront de courtes pr\u00e9sentations pour vous \u00e9clairer sur la r\u00e9alit\u00e9 du quotidien en RDA. Au centre de leur r\u00e9flexion se trouve la mani\u00e8re dont les fronti\u00e8res administratives et politiques fa\u00e7onnent des espaces de vie et des univers \u00e9motionnels bien sp\u00e9cifiques. Cette soir\u00e9e s\u2019inscrit dans le fil rouge du D\u00e9partement de langues et litt\u00e9ratures germaniques pour cette ann\u00e9e 2026 : \u00ab Cartographier des mondes \u00bb. \u00c0 l\u2019issue de la projection, une r\u00e9ception nous donnera l\u2019occasion de prolonger la discussion et d\u2019approfondir cette th\u00e9matique.<\/p>\n<p>Nous nous r\u00e9jouissons d&rsquo;ores et d\u00e9j\u00e0 de vous compter parmi nous !<\/p>\n<p>Inscription : par e-mail \u00e0 l&rsquo;adresse <a href=\"mailto:guillaume.etienne@unamur.be\">guillaume.etienne@unamur.be<\/a><\/p>\n","protected":false},"excerpt":{"rendered":"Comment vivait-on dans un \u00c9tat qui n\u2019existe plus aujourd&rsquo;hui ? \u00c0 quoi ressemblait le quotidien au sein d&rsquo;un r\u00e9gime marqu\u00e9 par un mur, des rideaux de fer, l\u2019espionnage et la [&hellip;]","protected":false},"author":3,"featured_media":7063,"template":"","meta":{"_acf_changed":false,"inline_featured_image":false,"_tribe_events_status":"","_tribe_events_status_reason":"","footnotes":""},"tags":[],"tribe_events_cat":[150,139],"class_list":["post-7064","tribe_events","type-tribe_events","status-publish","has-post-thumbnail","hentry","tribe_events_cat-fuer-alle-2-fr","tribe_events_cat-pour-toutes","cat_fuer-alle-2-fr","cat_pour-toutes"],"acf":[],"_links":{"self":[{"href":"https:\/\/wochefuerdeutsch.be\/fr\/wp-json\/wp\/v2\/tribe_events\/7064","targetHints":{"allow":["GET"]}}],"collection":[{"href":"https:\/\/wochefuerdeutsch.be\/fr\/wp-json\/wp\/v2\/tribe_events"}],"about":[{"href":"https:\/\/wochefuerdeutsch.be\/fr\/wp-json\/wp\/v2\/types\/tribe_events"}],"author":[{"embeddable":true,"href":"https:\/\/wochefuerdeutsch.be\/fr\/wp-json\/wp\/v2\/users\/3"}],"version-history":[{"count":2,"href":"https:\/\/wochefuerdeutsch.be\/fr\/wp-json\/wp\/v2\/tribe_events\/7064\/revisions"}],"predecessor-version":[{"id":7075,"href":"https:\/\/wochefuerdeutsch.be\/fr\/wp-json\/wp\/v2\/tribe_events\/7064\/revisions\/7075"}],"wp:featuredmedia":[{"embeddable":true,"href":"https:\/\/wochefuerdeutsch.be\/fr\/wp-json\/wp\/v2\/media\/7063"}],"wp:attachment":[{"href":"https:\/\/wochefuerdeutsch.be\/fr\/wp-json\/wp\/v2\/media?parent=7064"}],"wp:term":[{"taxonomy":"post_tag","embeddable":true,"href":"https:\/\/wochefuerdeutsch.be\/fr\/wp-json\/wp\/v2\/tags?post=7064"},{"taxonomy":"tribe_events_cat","embeddable":true,"href":"https:\/\/wochefuerdeutsch.be\/fr\/wp-json\/wp\/v2\/tribe_events_cat?post=7064"}],"curies":[{"name":"wp","href":"https:\/\/api.w.org\/{rel}","templated":true}]}}